{"id":1081,"date":"2024-03-16T13:49:36","date_gmt":"2024-03-16T12:49:36","guid":{"rendered":"http:\/\/edelweiss.korpak.hu\/?page_id=1081"},"modified":"2024-06-01T17:26:01","modified_gmt":"2024-06-01T15:26:01","slug":"prioraetsbereiche","status":"publish","type":"page","link":"https:\/\/www.appartement-edelweiss.at\/de\/prioraetsbereiche\/","title":{"rendered":"Prior\u00e4tsbereiche"},"content":{"rendered":"<div id='av_section_1'  class='avia-section av-av_section-165c0617e87eade0260fece3f84a51c9 main_color avia-section-default avia-no-shadow  avia-builder-el-0  avia-builder-el-no-sibling  avia-bg-style-scroll container_wrap fullsize'  ><div class='container av-section-cont-open' ><main  role=\"main\" itemprop=\"mainContentOfPage\"  class='template-page content  av-content-full alpha units'><div class='post-entry post-entry-type-page post-entry-1081'><div class='entry-content-wrapper clearfix'>\n\n<style type=\"text\/css\" data-created_by=\"avia_inline_auto\" id=\"style-css-av-ltu620hn-8c72dfa39dffebda0170fb70aa396c15\">\n#top .av-special-heading.av-ltu620hn-8c72dfa39dffebda0170fb70aa396c15{\npadding-bottom:25px;\n}\nbody .av-special-heading.av-ltu620hn-8c72dfa39dffebda0170fb70aa396c15 .av-special-heading-tag .heading-char{\nfont-size:25px;\n}\n.av-special-heading.av-ltu620hn-8c72dfa39dffebda0170fb70aa396c15 .av-subheading{\nfont-size:15px;\n}\n<\/style>\n<div  class='av-special-heading av-ltu620hn-8c72dfa39dffebda0170fb70aa396c15 av-special-heading-h2 blockquote modern-quote modern-centered  avia-builder-el-1  el_before_av_textblock  avia-builder-el-first '><h2 class='av-special-heading-tag'  itemprop=\"headline\"  >Prior\u00e4tsbereiche<\/h2><div class=\"special-heading-border\"><div class=\"special-heading-inner-border\"><\/div><\/div><\/div>\n<section  class='av_textblock_section av-86cbe-bfcdf13598f2f432604d3c398098df2c '   itemscope=\"itemscope\" itemtype=\"https:\/\/schema.org\/CreativeWork\" ><div class='avia_textblock'  itemprop=\"text\" ><div class=\"mainTextbox\">\n<div class=\"mainTextbox\">\n<p><strong>PRIOR\u00c4TSBEREICHE:<\/strong><\/p>\n<p>Die folgenden Benutzerbedingungen beinhalten die Bedingungen bez\u00fcglich der Benutzung der Webseite <a href=\"http:\/\/www.appartement-edelweiss.at\">www.appartement-edelweiss.at<\/a> (im Folgenden: Webseite), die Sie mit der Benutzung der Webseite akzeptieren.<\/p>\n<p>Die Webseite wird von J\u00e1nos Treszner und Erzs\u00e9bet Mik\u00f3 (Sitz: 5541 Altenmarkt im Pongau, Holzbr\u00fcckenweg 9., im Folgenden: Betreiber) betrieben, und ist das Eigentum der Betreiber. Im Zusammenhang des Aufbaus, der Struktur und des Inhalts der Webseite erhalten Sie Informationen unter der folgenden Adresse, bzw. Sie k\u00f6nnen Bemerkungen unter der folgenden Adresse hiterlassen: <a href=\"mailto:info@appartement-edelweiss.at\"><strong>info@appartement-edelweiss.at<\/strong><\/a>.<\/p>\n<p><strong>I. VORSCHRIFTEN ZUM SCHUTZ DES GEISTIGEN EIGENTUMS<\/strong><\/p>\n<p>Der Inhalt der Webseite ist mangels verschiedener Anweisung das geistige Eigentum des Betreibers, und steht als solches unter dem Rechtsschutz geistigen Eigentums. Der Betreiber beh\u00e4lt sich alle Rechte im Zusammenhang mit der Verwendung des Inhalts der Webseite (Text- und graphische Anweisungen, eingebaute Bildelemente und Schaust\u00fccke, Produktgruppenbenennungen, Fotos, usw.), die Verwendung des Inhalts, bzw. ein Teil des Inhalts der Webseite ist nur mit der vorl\u00e4ufigen, ausdr\u00fccklichen, schriftlichen Erlaubnis des Betreibers m\u00f6glich.<\/p>\n<p>Der Besucher darf die einzelnen Teil der Webseite \u2013 ausschlie\u00dflich zum eigenen Zweck, ohne direkte oder indirekte Gesch\u00e4ftsziele \u2013 auf den eigenen Computer speichern oder ausdrucken lassen, aber er ist nicht berechtigt den in dieser Weise vervielfachten Teil der Webseite weiter zu verwenden, zu vertreiben, in einer Datenbank zu speichern, herunterladbar zu machen, bzw. zu vermarkten.<\/p>\n<p>Der Inhalt der Webseite darf ausschlie\u00dflich mit einem Verweis auf die Webseite \u00fcbernommen werden, mit der Voraussetzung, dass der \u00dcbernehmer die originelle Information nicht ver\u00e4ndert, bzw. den Verweis auf die Webseite bei jeder \u00dcbernahme und Ver\u00f6ffentlichung genau und gut sichtbar anf\u00fchrt.<\/p>\n<p>Die Verwendung der vom Betreiber ver\u00f6ffentlichten, im Besitz von dritten Personen (z.B.: Fotos, grafische Inhalte, Schutzmarke, Logos, Domainnamen, usw.) stehenden Inhalte geschieht ausschlie\u00dflich innerhalb der Rahmen des Gesetzes LXXVI aus dem Jahre 1999 \u00fcber das Urheberrecht, bzw. des Gesetzes XI aus dem Jahre 1997 \u00fcber die Schutzmarken und geografischen Warenzeichen. Alle Verwendungen au\u00dfer den Rahmen dieser Gesetze brauchen die Erlaubnis des Urhebers.<\/p>\n<p>Im Falle von unberechtigten oder au\u00dferhalb der Verwendungsberechtigung fallenden Verwendungen ist der Betreiber berechtigt, ein dem Charakter der Rechtsverletzung entsprechendes Verfahren einleiten zu lassen.<\/p>\n<p><strong>II. DATENSCHUTZBESTIMMUNGEN<\/strong><\/p>\n<p>Der Betreiber respektiert die personenbezogene Datenschutzrechte der Besucher seiner Webseite, und speichert die Daten ausschlie\u00dflich dann, wenn der Besucher nach der Informierung \u00fcber die Datenverwaltung und Datenverwendung (Art, Ziel, Zeitdauer der Datenverwaltung, Kreis der Berechtigten, die die Daten kennenlernen k\u00f6nnen) die Daten freiwillig angegeben hat, bzw. wenn die Daten zur durch die Webseite angebotene Dienstleistung n\u00f6tig sind, oder das gesetzlich vorgeschrieben ist. Der Besucher kann schriftlich dem Betreiber melden, dass er um die L\u00f6schung seiner pers\u00f6nlichen Daten ersucht, in diesem Fall ist der Betreiber verpflichtet, die Daten zu vernichten \u2013 wenn die Datenerfassung nicht die gesetzliche Verpflichtung des Betreibers ist. Wenn der Benutzer um die L\u00f6schung von solchen Daten ersucht, die eine Voraussetzung der Inanspruchnahme von irgendwelcher Dienstleistung ist, dann verliert der Benutzer gleichzeitig mit der L\u00f6schung der pers\u00f6nlichen Daten das Recht, diese Dienstleistung in Anspruch zu nehmen.<\/p>\n<p>Der Betreiber ist verpflichtet, dem Betroffenen den mit der Verletzung der Anforderungen der Verwaltung der personenbezogenen Daten oder des technischen Datenschutzes verursachten Schaden zu erstatten. Wenn die Besch\u00e4digung w\u00e4hrend der Datenverwaltungst\u00e4tigkeit des Betreibers aufkommt, dann muss der Datenverwalter die verursachten Sch\u00e4den erstatten.<\/p>\n<p>Die personenbezogenen Daten bez\u00fcglich Ausbildenden, offizieller Trainer und Kontaktpersonen dienen zur ausreichenden Informierung der Besucher und zur Sicherung der M\u00f6glichkeit der Kontaktaufnahme. Die Verwendung der obenstehenden Daten au\u00dferhalb der in diesem Punkt zusammengefassten Rahmen gilt als Missbrauch personenbezogener Daten.<\/p>\n<p><strong>III. FRAGEN DER VERANTWORTUNG\u00a0<\/strong><\/p>\n<p>Der Betreiber \u00fcbernimmt keinerlei Haftung gegen\u00fcber seinen Besuchern f\u00fcr die Sch\u00e4den, die sich aus der Erreichung und Benutzung, oder aus dem Mangel der Erreichungs- und Benutzungsm\u00f6glichkeit, die dem Betreiber nicht zuzurechnen ist, ergeben.<\/p>\n<p>Wenn auf der Webseite ein von dritten Personen geleisteter, bzw. von ihnen \u00fcbernommener Inhalt erscheint, wird vom Betreiber die Benennung des Dienstleisters angef\u00fchrt und\/oder auf die Webseite des Dienstleisters\/auf die externe Kontaktstelle des Inhalts verwiesen. Der Betreiber \u00fcbernimmt keinerlei Haftung f\u00fcr die externen Inhalte, f\u00fcr deren Richtigkeit, \u00c4nderungen und f\u00fcr die Fehler der Weblinks. Auf Wunsch des berechtigten Dienstleisters l\u00f6scht oder ver\u00e4ndert der Betreiber den Link auf den externen Inhalt.<\/p>\n<h4>IV. SONSTIGE BESTIMMUNGEN<\/h4>\n<p>Der Betreiber ist berechtigt die vorliegenden Benutzerbedingungen jederzeit zu ver\u00e4ndern, die Ver\u00e4nderungen treten am Tag der Ver\u00f6ffentlichung auf der Webseite in Kraft.<\/p>\n<\/div>\n<\/div>\n<\/div><\/section>\n\n","protected":false},"excerpt":{"rendered":"","protected":false},"author":1,"featured_media":0,"parent":0,"menu_order":0,"comment_status":"closed","ping_status":"open","template":"","meta":{"footnotes":""},"class_list":["post-1081","page","type-page","status-publish","hentry"],"yoast_head":"<!-- This site is optimized with the Yoast SEO Premium plugin v27.5 (Yoast SEO v27.5) - https:\/\/yoast.com\/product\/yoast-seo-premium-wordpress\/ -->\n<title>Prior\u00e4tsbereiche - Edelweiss Appartements<\/title>\n<meta name=\"robots\" content=\"index, follow, max-snippet:-1, max-image-preview:large, max-video-preview:-1\" \/>\n<link rel=\"canonical\" href=\"https:\/\/www.appartement-edelweiss.at\/de\/prioraetsbereiche\/\" \/>\n<meta property=\"og:locale\" content=\"de_DE\" \/>\n<meta property=\"og:type\" content=\"article\" \/>\n<meta property=\"og:title\" content=\"Prior\u00e4tsbereiche\" \/>\n<meta property=\"og:url\" content=\"https:\/\/www.appartement-edelweiss.at\/de\/prioraetsbereiche\/\" \/>\n<meta property=\"og:site_name\" content=\"Edelweiss Appartements\" \/>\n<meta property=\"article:publisher\" content=\"https:\/\/www.facebook.com\/EdelweissAppartement\" \/>\n<meta property=\"article:modified_time\" content=\"2024-06-01T15:26:01+00:00\" \/>\n<meta name=\"twitter:card\" content=\"summary_large_image\" \/>\n<meta name=\"twitter:label1\" content=\"Gesch\u00e4tzte Lesezeit\" \/>\n\t<meta name=\"twitter:data1\" content=\"7\u00a0Minuten\" \/>\n<script type=\"application\/ld+json\" class=\"yoast-schema-graph\">{\"@context\":\"https:\\\/\\\/schema.org\",\"@graph\":[{\"@type\":\"WebPage\",\"@id\":\"https:\\\/\\\/www.appartement-edelweiss.at\\\/de\\\/prioraetsbereiche\\\/\",\"url\":\"https:\\\/\\\/www.appartement-edelweiss.at\\\/de\\\/prioraetsbereiche\\\/\",\"name\":\"Prior\u00e4tsbereiche - Edelweiss Appartements\",\"isPartOf\":{\"@id\":\"https:\\\/\\\/www.appartement-edelweiss.at\\\/#website\"},\"datePublished\":\"2024-03-16T12:49:36+00:00\",\"dateModified\":\"2024-06-01T15:26:01+00:00\",\"breadcrumb\":{\"@id\":\"https:\\\/\\\/www.appartement-edelweiss.at\\\/de\\\/prioraetsbereiche\\\/#breadcrumb\"},\"inLanguage\":\"de\",\"potentialAction\":[{\"@type\":\"ReadAction\",\"target\":[\"https:\\\/\\\/www.appartement-edelweiss.at\\\/de\\\/prioraetsbereiche\\\/\"]}]},{\"@type\":\"BreadcrumbList\",\"@id\":\"https:\\\/\\\/www.appartement-edelweiss.at\\\/de\\\/prioraetsbereiche\\\/#breadcrumb\",\"itemListElement\":[{\"@type\":\"ListItem\",\"position\":1,\"name\":\"Kezd\u0151lap\",\"item\":\"https:\\\/\\\/www.appartement-edelweiss.at\\\/de\\\/edelweiss-appartements\\\/\"},{\"@type\":\"ListItem\",\"position\":2,\"name\":\"Prior\u00e4tsbereiche\"}]},{\"@type\":\"WebSite\",\"@id\":\"https:\\\/\\\/www.appartement-edelweiss.at\\\/#website\",\"url\":\"https:\\\/\\\/www.appartement-edelweiss.at\\\/\",\"name\":\"Edelweiss Appartements\",\"description\":\"\",\"publisher\":{\"@id\":\"https:\\\/\\\/www.appartement-edelweiss.at\\\/#organization\"},\"potentialAction\":[{\"@type\":\"SearchAction\",\"target\":{\"@type\":\"EntryPoint\",\"urlTemplate\":\"https:\\\/\\\/www.appartement-edelweiss.at\\\/?s={search_term_string}\"},\"query-input\":{\"@type\":\"PropertyValueSpecification\",\"valueRequired\":true,\"valueName\":\"search_term_string\"}}],\"inLanguage\":\"de\"},{\"@type\":\"Organization\",\"@id\":\"https:\\\/\\\/www.appartement-edelweiss.at\\\/#organization\",\"name\":\"Edelweiss Appartements\",\"url\":\"https:\\\/\\\/www.appartement-edelweiss.at\\\/\",\"logo\":{\"@type\":\"ImageObject\",\"inLanguage\":\"de\",\"@id\":\"https:\\\/\\\/www.appartement-edelweiss.at\\\/#\\\/schema\\\/logo\\\/image\\\/\",\"url\":\"https:\\\/\\\/www.appartement-edelweiss.at\\\/wp-content\\\/uploads\\\/logo-1.svg\",\"contentUrl\":\"https:\\\/\\\/www.appartement-edelweiss.at\\\/wp-content\\\/uploads\\\/logo-1.svg\",\"width\":1,\"height\":1,\"caption\":\"Edelweiss Appartements\"},\"image\":{\"@id\":\"https:\\\/\\\/www.appartement-edelweiss.at\\\/#\\\/schema\\\/logo\\\/image\\\/\"},\"sameAs\":[\"https:\\\/\\\/www.facebook.com\\\/EdelweissAppartement\"]}]}<\/script>\n<!-- \/ Yoast SEO Premium plugin. -->","yoast_head_json":{"title":"Prior\u00e4tsbereiche - Edelweiss Appartements","robots":{"index":"index","follow":"follow","max-snippet":"max-snippet:-1","max-image-preview":"max-image-preview:large","max-video-preview":"max-video-preview:-1"},"canonical":"https:\/\/www.appartement-edelweiss.at\/de\/prioraetsbereiche\/","og_locale":"de_DE","og_type":"article","og_title":"Prior\u00e4tsbereiche","og_url":"https:\/\/www.appartement-edelweiss.at\/de\/prioraetsbereiche\/","og_site_name":"Edelweiss Appartements","article_publisher":"https:\/\/www.facebook.com\/EdelweissAppartement","article_modified_time":"2024-06-01T15:26:01+00:00","twitter_card":"summary_large_image","twitter_misc":{"Gesch\u00e4tzte Lesezeit":"7\u00a0Minuten"},"schema":{"@context":"https:\/\/schema.org","@graph":[{"@type":"WebPage","@id":"https:\/\/www.appartement-edelweiss.at\/de\/prioraetsbereiche\/","url":"https:\/\/www.appartement-edelweiss.at\/de\/prioraetsbereiche\/","name":"Prior\u00e4tsbereiche - Edelweiss Appartements","isPartOf":{"@id":"https:\/\/www.appartement-edelweiss.at\/#website"},"datePublished":"2024-03-16T12:49:36+00:00","dateModified":"2024-06-01T15:26:01+00:00","breadcrumb":{"@id":"https:\/\/www.appartement-edelweiss.at\/de\/prioraetsbereiche\/#breadcrumb"},"inLanguage":"de","potentialAction":[{"@type":"ReadAction","target":["https:\/\/www.appartement-edelweiss.at\/de\/prioraetsbereiche\/"]}]},{"@type":"BreadcrumbList","@id":"https:\/\/www.appartement-edelweiss.at\/de\/prioraetsbereiche\/#breadcrumb","itemListElement":[{"@type":"ListItem","position":1,"name":"Kezd\u0151lap","item":"https:\/\/www.appartement-edelweiss.at\/de\/edelweiss-appartements\/"},{"@type":"ListItem","position":2,"name":"Prior\u00e4tsbereiche"}]},{"@type":"WebSite","@id":"https:\/\/www.appartement-edelweiss.at\/#website","url":"https:\/\/www.appartement-edelweiss.at\/","name":"Edelweiss Appartements","description":"","publisher":{"@id":"https:\/\/www.appartement-edelweiss.at\/#organization"},"potentialAction":[{"@type":"SearchAction","target":{"@type":"EntryPoint","urlTemplate":"https:\/\/www.appartement-edelweiss.at\/?s={search_term_string}"},"query-input":{"@type":"PropertyValueSpecification","valueRequired":true,"valueName":"search_term_string"}}],"inLanguage":"de"},{"@type":"Organization","@id":"https:\/\/www.appartement-edelweiss.at\/#organization","name":"Edelweiss Appartements","url":"https:\/\/www.appartement-edelweiss.at\/","logo":{"@type":"ImageObject","inLanguage":"de","@id":"https:\/\/www.appartement-edelweiss.at\/#\/schema\/logo\/image\/","url":"https:\/\/www.appartement-edelweiss.at\/wp-content\/uploads\/logo-1.svg","contentUrl":"https:\/\/www.appartement-edelweiss.at\/wp-content\/uploads\/logo-1.svg","width":1,"height":1,"caption":"Edelweiss Appartements"},"image":{"@id":"https:\/\/www.appartement-edelweiss.at\/#\/schema\/logo\/image\/"},"sameAs":["https:\/\/www.facebook.com\/EdelweissAppartement"]}]}},"_links":{"self":[{"href":"https:\/\/www.appartement-edelweiss.at\/de\/wp-json\/wp\/v2\/pages\/1081","targetHints":{"allow":["GET"]}}],"collection":[{"href":"https:\/\/www.appartement-edelweiss.at\/de\/wp-json\/wp\/v2\/pages"}],"about":[{"href":"https:\/\/www.appartement-edelweiss.at\/de\/wp-json\/wp\/v2\/types\/page"}],"author":[{"embeddable":true,"href":"https:\/\/www.appartement-edelweiss.at\/de\/wp-json\/wp\/v2\/users\/1"}],"replies":[{"embeddable":true,"href":"https:\/\/www.appartement-edelweiss.at\/de\/wp-json\/wp\/v2\/comments?post=1081"}],"version-history":[{"count":1,"href":"https:\/\/www.appartement-edelweiss.at\/de\/wp-json\/wp\/v2\/pages\/1081\/revisions"}],"predecessor-version":[{"id":1087,"href":"https:\/\/www.appartement-edelweiss.at\/de\/wp-json\/wp\/v2\/pages\/1081\/revisions\/1087"}],"wp:attachment":[{"href":"https:\/\/www.appartement-edelweiss.at\/de\/wp-json\/wp\/v2\/media?parent=1081"}],"curies":[{"name":"wp","href":"https:\/\/api.w.org\/{rel}","templated":true}]}}